{"id":30,"date":"2017-03-25T17:56:03","date_gmt":"2017-03-25T17:56:03","guid":{"rendered":"http:\/\/www.quetalestas.es\/veranoydanza\/?page_id=30"},"modified":"2026-04-17T10:09:59","modified_gmt":"2026-04-17T10:09:59","slug":"informacion-e-inscripcion","status":"publish","type":"page","link":"https:\/\/www.quetalestas.es\/veranoydanza\/informacion-e-inscripcion\/","title":{"rendered":"Informaci\u00f3n e Inscripci\u00f3n"},"content":{"rendered":"<p style=\"text-align: center;\"><strong>DISPOSICIONES POR LAS QUE SE RIGE EL PROGRAMA EDUCATIVO<\/strong><br \/>\n<strong> VERANO Y DANZA 2026<\/strong><\/p>\n<p style=\"text-align: center;\">&nbsp;<\/p>\n<p style=\"text-align: justify;\"><strong>ORGANIZACI\u00d3N<\/strong><\/p>\n<p style=\"text-align: justify;\"><strong>1.-<\/strong> El programa educativo <strong>\u201cVerano &amp; Danza 2026\u201d<\/strong> est\u00e1 organizado por la<strong> Fundaci\u00f3n Canaria Auditorio y Teatro de Las Palmas de Gran Canaria<\/strong> y dirigido y producido por <strong>Qu\u00e9 Tal Est\u00e1s Producciones S.L.<\/strong><\/p>\n<p style=\"text-align: justify;\"><strong>PROYECTO<\/strong><\/p>\n<p style=\"text-align: justify;\"><span style=\"color: #000000; font-family: Calibri;\"><strong>2.-<\/strong> El proyecto tiene los siguientes objetivos:<\/span><\/p>\n<p style=\"text-align: justify;\"><span style=\"color: #000000; font-family: Calibri;\">a.- Integrar la danza en las actividades de verano organizadas por la Fundaci\u00f3n Canaria Auditorio y Teatro LPGC<\/span><\/p>\n<p style=\"text-align: justify;\"><span style=\"color: #000000; font-family: Calibri;\">b.- Introducir a los alumnos en el mundo de la danza como arte esc\u00e9nica, practicando diferentes disciplinas y aprendiendo todo lo que rodea a una representaci\u00f3n en un teatro.<\/span><\/p>\n<p style=\"text-align: justify;\"><span style=\"color: #000000; font-family: Calibri;\">c.- Contribuir a la educaci\u00f3n saludable de nuestros ni\u00f1os y j\u00f3venes, creando h\u00e1bitos de alimentaci\u00f3n y utilizando la danza como instrumento para su correcto desarrollo f\u00edsico y emocional.<\/span><\/p>\n<p style=\"text-align: justify;\"><span style=\"color: #000000; font-family: Calibri;\">d.- Fomentar la danza entre los ni\u00f1os y j\u00f3venes contribuyendo a la formaci\u00f3n de nuevos bailarines.<\/span><\/p>\n<p style=\"text-align: justify;\"><span style=\"color: #000000; font-family: Calibri;\">e.- Utilizar instalaciones emblem\u00e1ticas de nuestra ciudad d\u00e1ndoles un uso alternativo coherente, favoreciendo la creaci\u00f3n de nuevos p\u00fablicos.<\/span><\/p>\n<p style=\"text-align: justify;\"><span style=\"color: #000000; font-family: Calibri;\"><strong>3.-<\/strong> El lugar donde se impartir\u00e1n las clases y se desarrollar\u00e1n las actividades programadas ser\u00e1 el Teatro P\u00e9rez Gald\u00f3s, en diferentes salas y espacios habilitados a tal efecto.<\/span><\/p>\n<p style=\"text-align: justify;\"><span style=\"color: #000000; font-family: Calibri;\"><strong>4.-<\/strong> El programa se desarrollar\u00e1 desde el d\u00eda <strong>13 hasta el 24 de julio, en horario de 9:00 a 15:00 h<\/strong>. (Excepto el s\u00e1bado 18 y domingo 19 de julio).<\/span><\/p>\n<p style=\"text-align: justify;\"><span style=\"color: #000000; font-family: Calibri;\"><strong>5.-<\/strong> El calendario definitivo de actividades lo podr\u00e1 encontrar en el men\u00fa de esta web en la secci\u00f3n \u00abACTIVIDADES\u00bb<\/span><\/p>\n<p style=\"text-align: justify;\"><strong>INSCRIPCI\u00d3N<\/strong><\/p>\n<p style=\"text-align: justify;\"><strong>6.- <\/strong>El plazo de inscripci\u00f3n se abre el <strong>lunes 13 de abril y finaliza el lunes 15 de junio de 2026<\/strong> o hasta la finalizaci\u00f3n de las plazas, mediante el siguiente <a href=\"https:\/\/www.quetalestas.es\/veranoydanza\/formulario-de-inscripcion\/\" target=\"_blank\" rel=\"noopener\"><strong>FORMULARIO WEB<\/strong><\/a><\/p>\n<p style=\"text-align: justify;\"><strong>7.-<\/strong> Podr\u00e1n participar en el proyecto todos los ni\u00f1os y j\u00f3venes con edades comprendidas entre los <strong>7 y 15 a\u00f1os<\/strong>.<\/p>\n<p style=\"text-align: justify;\"><strong>8.-<\/strong> El precio del programa es de<strong> 280\u20ac por alumno<\/strong>.<\/p>\n<p style=\"text-align: justify;\"><strong>9.-<\/strong> El m\u00e1ximo n\u00famero de alumnos del proyecto es de<strong> 120.<\/strong><\/p>\n<p style=\"text-align: justify;\"><strong>10.- <\/strong>Para realizar la inscripci\u00f3n deber\u00e1 cumplimentar y enviar el formulario web que encontrar\u00e1 en esta p\u00e1gina. Una vez enviado, recibir\u00e1 la confirmaci\u00f3n de pre-inscripci\u00f3n y las instrucciones de pago.<\/p>\n<p><strong>MODALIDADES DE PAGO<\/strong><\/p>\n<p><strong>11.-<\/strong> <strong>PAGO \u00daNICO.<\/strong><\/p>\n<p>El pago de la matr\u00edcula completa es de 280,00 EUR, que deber\u00e1 realizar en un solo pago a la cuenta que la Fundaci\u00f3n Auditorio Teatro de Las Palmas de Gran Canaria tiene abierta en la entidad bancaria <strong>\u00abLa Caixa\u00bb<\/strong>, con n\u00famero de cuenta: <strong>ES02 2100 1668 1002 0022 8635<\/strong>. En el concepto deber\u00e1 indicar \u00abVYD &#8211; Nombre del alumno\u00bb para su correcta identificaci\u00f3n.<\/p>\n<p><strong>NOTA: El precio incluye dos entradas por alumno para el espect\u00e1culo final, el d\u00eda 24 de julio a las 17:00 h., en escenario del Teatro P\u00e9rez Gald\u00f3s.<\/strong><\/p>\n<p>El precio de la entrada del mencionado espect\u00e1culo para el p\u00fablico en general es de 7\u20ac.<\/p>\n<p style=\"text-align: justify;\"><strong>NOTA:<\/strong> La inscripci\u00f3n no ser\u00e1 v\u00e1lida hasta efectuar el pago completo.&nbsp;<\/p>\n<hr>\n<p style=\"text-align: center;\"><strong>12.- IMPORTANTE: Pol\u00edtica de Pago y Cancelaciones.<\/strong><\/p>\n<p style=\"text-align: center;\">Los pagos realizados en concepto de matr\u00edcula del campamento <strong data-start=\"252\" data-end=\"276\">no son reembolsables<\/strong> bajo ninguna circunstancia. Esto incluye cancelaciones por parte del participante, independientemente del motivo. Al realizar el pago, el\/la participante acepta esta condici\u00f3n.<\/p>\n<hr>\n<p style=\"text-align: justify;\"><strong>13.-<\/strong> Qu\u00e9 Tal est\u00e1s S.L. cumple con todas las medidas de seguridad para la protecci\u00f3n de datos personales exigidas por el Real Decreto 1720\/2007, de 21 de diciembre, por el que se aprueba el Reglamento de desarrollo de la Ley Org\u00e1nica 15\/1999, de 13 de diciembre, de protecci\u00f3n de datos de car\u00e1cter personal.<\/p>\n<p style=\"text-align: justify;\">Salvo imperativo legal, los datos personales de los inscritos no ser\u00e1n cedidos a terceras personas sin su consentimiento expreso.<\/p>\n<p>Durante las actividades se tomar\u00e1n im\u00e1genes de audio y v\u00eddeo, que se usar\u00e1n \u00fanicamente para fines promocionales del programa Verano &amp; Danza. Al inscribirse, los alumnos renuncian expresamente a cualquier derecho generado por las mencionadas grabaciones audiovisuales y fotograf\u00edas.&nbsp;<\/p>\n<p style=\"text-align: justify;\"><strong>DESARROLLO DE LA ACTIVIDAD<\/strong><\/p>\n<p style=\"text-align: justify;\"><strong>14.-<\/strong> <strong>Las clases comienzan el d\u00eda 13 de julio <\/strong>en <strong>horario de 9:00 h a 15:00 h<\/strong>, Teniendo un servicio de <strong>recogida temprana a las 8:00 h, y finalizan el 24 de julio.&nbsp;<\/strong><\/p>\n<p style=\"text-align: justify;\"><strong>IMPORTANTE:<\/strong> El s\u00e1bado 19 y el domingo 20 de julio, no se realizan actividades.<\/p>\n<p style=\"text-align: justify;\"><strong>15.-<\/strong> El acceso a las clases y la recogida temprana se realizar\u00e1 por el acceso lateral del Teatro, sito en la Plaza Stagno, frente al intercambiador de Guaguas Municipales.<\/p>\n<p style=\"text-align: justify;\"><strong>16.-<\/strong> Durante las clases no se permite el acceso a los padres o tutores legales.<\/p>\n<p style=\"text-align: justify;\"><strong>17.-<\/strong> <strong>El d\u00eda 24 de julio<\/strong> se clausurar\u00e1 el proyecto con un espect\u00e1culo una vez terminadas las actividades de la jornada.<\/p>\n<p style=\"text-align: justify;\"><strong>18.-<\/strong> Las actividades se agrupan en las siguientes categor\u00edas:<\/p>\n<p style=\"text-align: justify;\"><strong>DANZA:<\/strong> Ballet Cl\u00e1sico, Danza Contempor\u00e1nea, Danza Neocl\u00e1sica, Jazz Musical y Hip-Hop.<\/p>\n<p style=\"text-align: justify;\"><strong>PREPARACI\u00d3N F\u00cdSICA Y RELAJACI\u00d3N:<\/strong> Yoga.<\/p>\n<p style=\"text-align: justify;\"><strong>TALLERES:<\/strong> Educaci\u00f3n Musical (Canto, ritmo y percusi\u00f3n), Maquillaje, Composici\u00f3n Coreogr\u00e1fica, Interpretaci\u00f3n y Cine Danza.<\/p>\n<p><strong>EXCURSI\u00d3N: <\/strong>Los alumnos podr\u00e1n participar en una excursi\u00f3n voluntaria que se realizara a alguna instalaci\u00f3n de recreo, el lugar y el precio est\u00e1n a\u00fan por determinar.<\/p>\n<p style=\"text-align: justify;\">Todos los alumnos inscritos participaran en todas las actividades, excepto en la excursi\u00f3n que es de car\u00e1cter optativo.<\/p>\n<p style=\"text-align: justify;\"><strong>19.-<\/strong> Los alumnos deber\u00e1n llevar:<\/p>\n<p style=\"text-align: justify;\">\u2013 Un peque\u00f1o refrigerio que podr\u00e1n tomar a la hora del Break (Bocadillo\/s\u00e1ndwich, fruta, zumo\u2026), que ser\u00e1 a las 12:00 h<\/p>\n<p style=\"text-align: justify;\">\u2013 El siguiente vestuario convenientemente marcado con el nombre del alumno:<\/p>\n<p style=\"text-align: justify;\"><strong>Chicas:<\/strong> Malla, medias de ballet, zapatillas de ballet, pantal\u00f3n suelto de algod\u00f3n o ch\u00e1ndal, camiseta, calcetines, zapatillas deportivas, prenda de abrigo (Chaqueta de ch\u00e1ndal, sudadera\u2026), toalla peque\u00f1a.<\/p>\n<p style=\"text-align: justify;\">Neceser con: Horquillas, trabas, gomas del pelo o coleteros, redecilla, peine o cepillo. El pelo debe ir debidamente recogido.<\/p>\n<p style=\"text-align: justify;\"><strong>Chicos:<\/strong> Pantal\u00f3n de lycra corto, camiseta de algod\u00f3n manga hueca, zapatillas de ballet (Negras), pantal\u00f3n de ch\u00e1ndal o algod\u00f3n suelto, camiseta, calcetines, zapatillas deportivas, prenda de abrigo (Chaqueta de ch\u00e1ndal, sudadera\u2026), toalla peque\u00f1a.<\/p>\n<p style=\"text-align: justify;\">El pelo debe ir debidamente recogido.<\/p>\n<p style=\"text-align: justify;\"><strong>Adem\u00e1s deber\u00e1n llevar:<\/strong><\/p>\n<p style=\"text-align: justify;\">Botella de agua \/ bebida isot\u00f3nica.<\/p>\n<h3 class=\"\" data-start=\"247\" data-end=\"293\">Taller de Maquillaje y D\u00eda del Espect\u00e1culo<\/h3>\n<p class=\"\" data-start=\"295\" data-end=\"462\">Para garantizar la seguridad y bienestar de todos los participantes, cada ni\u00f1@ deber\u00e1 traer su propio <strong data-start=\"397\" data-end=\"431\">neceser de maquillaje personal<\/strong>, que debe incluir como m\u00ednimo:<\/p>\n<ul data-start=\"464\" data-end=\"530\">\n<li class=\"\" data-start=\"464\" data-end=\"473\">\n<p class=\"\" data-start=\"466\" data-end=\"473\">Esponja<\/p>\n<\/li>\n<li class=\"\" data-start=\"474\" data-end=\"482\">\n<p class=\"\" data-start=\"476\" data-end=\"482\">Brocha<\/p>\n<\/li>\n<li class=\"\" data-start=\"483\" data-end=\"530\">\n<p class=\"\" data-start=\"485\" data-end=\"530\">Base de maquillaje adecuada a su tipo de piel<\/p>\n<\/li>\n<li data-start=\"483\" data-end=\"530\">Labial color rosado.<\/li>\n<\/ul>\n<p class=\"\" data-start=\"532\" data-end=\"665\">Esto es importante para <strong data-start=\"556\" data-end=\"608\">evitar posibles reacciones al\u00e9rgicas o contagios<\/strong>, ya que no se compartir\u00e1n productos entre participantes.<\/p>\n<p class=\"\" data-start=\"667\" data-end=\"769\"><em data-start=\"667\" data-end=\"769\">Agradecemos su colaboraci\u00f3n para que la actividad se realice de forma segura y divertida para tod@s.<\/em><\/p>\n<p style=\"text-align: center;\">&nbsp;<\/p>\n","protected":false},"excerpt":{"rendered":"<p>DISPOSICIONES POR LAS QUE SE RIGE EL PROGRAMA EDUCATIVO VERANO Y DANZA 2026 &nbsp; ORGANIZACI\u00d3N 1.- El programa educativo \u201cVerano &amp; Danza 2026\u201d est\u00e1 organizado por la Fundaci\u00f3n Canaria Auditorio y Teatro de Las Palmas de Gran Canaria y dirigido y producido por Qu\u00e9 Tal Est\u00e1s Producciones S.L. PROYECTO 2.- El proyecto tiene los siguientes [&hellip;]<\/p>\n","protected":false},"author":1,"featured_media":0,"parent":0,"menu_order":0,"comment_status":"open","ping_status":"closed","template":"","meta":{"_genesis_hide_title":false,"_genesis_hide_breadcrumbs":false,"_genesis_hide_singular_image":false,"_genesis_hide_footer_widgets":false,"_genesis_custom_body_class":"","_genesis_custom_post_class":"","_genesis_layout":"","ngg_post_thumbnail":0,"footnotes":""},"class_list":{"0":"post-30","1":"page","2":"type-page","3":"status-publish","5":"entry"},"_links":{"self":[{"href":"https:\/\/www.quetalestas.es\/veranoydanza\/wp-json\/wp\/v2\/pages\/30","targetHints":{"allow":["GET"]}}],"collection":[{"href":"https:\/\/www.quetalestas.es\/veranoydanza\/wp-json\/wp\/v2\/pages"}],"about":[{"href":"https:\/\/www.quetalestas.es\/veranoydanza\/wp-json\/wp\/v2\/types\/page"}],"author":[{"embeddable":true,"href":"https:\/\/www.quetalestas.es\/veranoydanza\/wp-json\/wp\/v2\/users\/1"}],"replies":[{"embeddable":true,"href":"https:\/\/www.quetalestas.es\/veranoydanza\/wp-json\/wp\/v2\/comments?post=30"}],"version-history":[{"count":94,"href":"https:\/\/www.quetalestas.es\/veranoydanza\/wp-json\/wp\/v2\/pages\/30\/revisions"}],"predecessor-version":[{"id":3696,"href":"https:\/\/www.quetalestas.es\/veranoydanza\/wp-json\/wp\/v2\/pages\/30\/revisions\/3696"}],"wp:attachment":[{"href":"https:\/\/www.quetalestas.es\/veranoydanza\/wp-json\/wp\/v2\/media?parent=30"}],"curies":[{"name":"wp","href":"https:\/\/api.w.org\/{rel}","templated":true}]}}