{"id":7,"date":"2015-04-24T19:57:35","date_gmt":"2015-04-24T19:57:35","guid":{"rendered":"http:\/\/www.quetalestas.es\/veranoydanza\/?page_id=7"},"modified":"2025-04-01T18:31:20","modified_gmt":"2025-04-01T18:31:20","slug":"quienes-somos","status":"publish","type":"page","link":"https:\/\/www.quetalestas.es\/veranoydanza\/quienes-somos\/","title":{"rendered":"\u00bfQui\u00e9nes Somos?"},"content":{"rendered":"<p style=\"text-align: justify;\"><a href=\"http:\/\/www.quetalestas.es\/veranoydanza\/wp-content\/uploads\/2015\/04\/AT.png\"><img loading=\"lazy\" decoding=\"async\" class=\"alignleft size-medium wp-image-81\" src=\"http:\/\/www.quetalestas.es\/veranoydanza\/wp-content\/uploads\/2015\/04\/AT-300x300.png\" alt=\"AT\" width=\"300\" height=\"300\" srcset=\"https:\/\/www.quetalestas.es\/veranoydanza\/wp-content\/uploads\/2015\/04\/AT-300x300.png 300w, https:\/\/www.quetalestas.es\/veranoydanza\/wp-content\/uploads\/2015\/04\/AT-150x150.png 150w, https:\/\/www.quetalestas.es\/veranoydanza\/wp-content\/uploads\/2015\/04\/AT.png 794w\" sizes=\"auto, (max-width: 300px) 100vw, 300px\" \/><\/a>La <strong>FUNDACI\u00d3N AUDITORIO Y TEATRO DE LAS PALMAS DE GRAN CANARIA<\/strong> es fruto de la iniciativa del Ayuntamiento de Las Palmas de Gran Canaria y del Cabildo de Gran Canaria, que tras a\u00f1os de estudio decidieron fusionar la <strong>Fundaci\u00f3n Auditorio de las Palmas de Gran Canaria y la Fundaci\u00f3n Teatro P\u00e9rez Gald\u00f3s<\/strong> en una sola, para maximizar los recursos de la ciudad de Las Palmas de Gran Canaria y cumplir con eficacia sus objetivos fundacionales, entre los que se encuentra la promoci\u00f3n y fomento de la creaci\u00f3n cultural, continuando con el compromiso de la formaci\u00f3n art\u00edstica de los j\u00f3venes canarios.<\/p>\n<p style=\"text-align: justify;\">En esta ocasi\u00f3n apuesta por la danza en el <strong>Teatro P\u00e9rez Gald\u00f3s<\/strong>, escenario hist\u00f3rico de grandes artistas que ahora ver\u00e1 formarse a futuras promesas de la danza.<\/p>\n<p style=\"text-align: justify;\">La difusi\u00f3n de esta disciplina, que aporta conocimientos art\u00edsticos y desarrolla en los menores la capacidad cr\u00edtica ante los diferentes espect\u00e1culos, es de vital importancia para que las futuras generaciones tengan una relaci\u00f3n estrecha con las artes esc\u00e9nicas.<\/p>\n<hr>\n<p style=\"text-align: justify;\"><a href=\"http:\/\/www.quetalestas.es\/veranoydanza\/wp-content\/uploads\/2015\/04\/qte.png\"><img loading=\"lazy\" decoding=\"async\" class=\" size-medium wp-image-19 alignleft\" src=\"http:\/\/www.quetalestas.es\/veranoydanza\/wp-content\/uploads\/2015\/04\/qte-300x281.png\" alt=\"qte\" width=\"300\" height=\"281\" srcset=\"https:\/\/www.quetalestas.es\/veranoydanza\/wp-content\/uploads\/2015\/04\/qte-300x281.png 300w, https:\/\/www.quetalestas.es\/veranoydanza\/wp-content\/uploads\/2015\/04\/qte.png 302w\" sizes=\"auto, (max-width: 300px) 100vw, 300px\" \/><\/a><\/p>\n<p style=\"text-align: justify;\"><strong>QU\u00c9 TAL EST\u00c1S, S.L.<\/strong> fue creada en 1998. Dirigida por la bailarina y core\u00f3grafa <strong>Natalia Medina<\/strong>, su actividad principal se centra en la producci\u00f3n y direcci\u00f3n de espect\u00e1culos y proyectos de danza.<\/p>\n<p style=\"text-align: justify;\">Desde sus or\u00edgenes, esta productora ha apostado por desarrollar proyectos de calidad dentro del mundo de la danza como <strong>MASDANZA<\/strong>, Festival Internacional de Danza Contempor\u00e1nea de Canarias y el proyecto Municipal <strong>ACROSS HIP-HOP LAS PALMAS DE GRAN CANARIA<\/strong>.<\/p>\n<p style=\"text-align: justify;\"><strong>QU\u00c9 TAL EST\u00c1S, S.L.<\/strong> dentro de sus actividades de promoci\u00f3n de la danza en general y en particular de la danza contempor\u00e1nea, representa y promociona a <strong>NATALIA MEDINA COMPA\u00d1\u00cdA DE DANZA<\/strong> y desarrolla programas de apoyo a bailarines y j\u00f3venes creadores en su espacio de formaci\u00f3n, creaci\u00f3n y exhibici\u00f3n <strong>\u201cLa Caracola\u201d<\/strong>, as\u00ed como en la educaci\u00f3n, formaci\u00f3n y promoci\u00f3n de la danza entre los ni\u00f1os y j\u00f3venes en la <strong>ESCUELA DE DANZA NATALIA MEDINA<\/strong>.<\/p>\n<p style=\"text-align: justify;\">El proyecto <strong>\u201cVerano &amp; Danza\u201d<\/strong> nace de la colaboraci\u00f3n entre la <strong>Fundaci\u00f3n Canaria Auditorio y Teatro Las Palmas de Gran Canaria y Qu\u00e9 Tal Est\u00e1s, S.L.<\/strong>, con los objetivos concretos de formaci\u00f3n y promoci\u00f3n de la danza entre los m\u00e1s j\u00f3venes.<\/p>\n<h4 style=\"text-align: center;\"><a href=\"http:\/\/quetalestas.es\/\"><strong>www.quetalestas.es<\/strong><\/a><\/h4>\n","protected":false},"excerpt":{"rendered":"<p>La FUNDACI\u00d3N AUDITORIO Y TEATRO DE LAS PALMAS DE GRAN CANARIA es fruto de la iniciativa del Ayuntamiento de Las Palmas de Gran Canaria y del Cabildo de Gran Canaria, que tras a\u00f1os de estudio decidieron fusionar la Fundaci\u00f3n Auditorio de las Palmas de Gran Canaria y la Fundaci\u00f3n Teatro P\u00e9rez Gald\u00f3s en una sola, [&hellip;]<\/p>\n","protected":false},"author":1,"featured_media":0,"parent":0,"menu_order":0,"comment_status":"open","ping_status":"open","template":"","meta":{"_genesis_hide_title":false,"_genesis_hide_breadcrumbs":false,"_genesis_hide_singular_image":false,"_genesis_hide_footer_widgets":false,"_genesis_custom_body_class":"","_genesis_custom_post_class":"","_genesis_layout":"","ngg_post_thumbnail":0,"footnotes":""},"class_list":{"0":"post-7","1":"page","2":"type-page","3":"status-publish","5":"entry"},"_links":{"self":[{"href":"https:\/\/www.quetalestas.es\/veranoydanza\/wp-json\/wp\/v2\/pages\/7","targetHints":{"allow":["GET"]}}],"collection":[{"href":"https:\/\/www.quetalestas.es\/veranoydanza\/wp-json\/wp\/v2\/pages"}],"about":[{"href":"https:\/\/www.quetalestas.es\/veranoydanza\/wp-json\/wp\/v2\/types\/page"}],"author":[{"embeddable":true,"href":"https:\/\/www.quetalestas.es\/veranoydanza\/wp-json\/wp\/v2\/users\/1"}],"replies":[{"embeddable":true,"href":"https:\/\/www.quetalestas.es\/veranoydanza\/wp-json\/wp\/v2\/comments?post=7"}],"version-history":[{"count":22,"href":"https:\/\/www.quetalestas.es\/veranoydanza\/wp-json\/wp\/v2\/pages\/7\/revisions"}],"predecessor-version":[{"id":3365,"href":"https:\/\/www.quetalestas.es\/veranoydanza\/wp-json\/wp\/v2\/pages\/7\/revisions\/3365"}],"wp:attachment":[{"href":"https:\/\/www.quetalestas.es\/veranoydanza\/wp-json\/wp\/v2\/media?parent=7"}],"curies":[{"name":"wp","href":"https:\/\/api.w.org\/{rel}","templated":true}]}}